{"id":2838,"date":"2025-01-21T08:09:01","date_gmt":"2025-01-21T08:09:01","guid":{"rendered":"https:\/\/nathalieohana.com\/?post_type=product&#038;p=2838"},"modified":"2025-01-22T11:45:23","modified_gmt":"2025-01-22T11:45:23","slug":"trouver-sa-place-dans-un-contexte-incertain-conference-osm","status":"publish","type":"product","link":"https:\/\/nathalieohana.com\/en\/product\/trouver-sa-place-dans-un-contexte-incertain-conference-osm\/","title":{"rendered":"Trouver sa place dans un contexte incertain &#8211; Conf\u00e9rence OSM"},"content":{"rendered":"<p><strong>Comment avoir de la clart\u00e9, une vision pour son avenir, comment comprendre quelle est\u00a0<span class=\"il\">sa<\/span>\u00a0<span class=\"il\">place<\/span>\u00a0dans le monde, quand c&#8217;est le brouillard autour de nous et que tout bouge tout le temps?<\/strong><\/p>\n<p>Apr\u00e8s une premi\u00e8re conf\u00e9rence \u00e0 Paris en novembre, j&#8217;aurai le plaisir de venir \u00e0 Paris le jeudi 6 F\u00e9vrier pour discuter avec vous de ce th\u00e8me passionnant.<\/p>\n<p>Vivre en Isra\u00ebl, c&#8217;est apprendre \u00e0 vivre avec l&#8217;incertitude. Ici, l&#8217;adaptabilit\u00e9 fait partie de l&#8217;ADN isra\u00e9lien. Ici, avancer dans\u00a0<span class=\"il\">sa<\/span>\u00a0vie signifie composer avec ce qui est et accepter ce qui vient. Je sais que vous \u00eates nombreux en France \u00e0 vous poser des questions sur votre avenir et celui des enfants. Je sais aussi que venir en Israel pour des raisons conjoncturelles, ext\u00e9rieures \u00e0 vous, li\u00e9es au contexte ou \u00e0 la politique, est dangereux.<\/p>\n<p>Je vous donnerai donc quelques cl\u00e9s et surtout je vous aiderai \u00e0 vous poser les bonnes questions.<\/p>\n<p>Inscriptions: contact@nathalieohana.com<\/p>\n","protected":false},"excerpt":{"rendered":"<p>Comment avoir de la clart\u00e9, une vision pour son avenir, comment comprendre quelle est\u00a0sa\u00a0place\u00a0dans le monde, quand c&#8217;est le brouillard autour de nous et que tout bouge tout le temps? Apr\u00e8s une premi\u00e8re conf\u00e9rence \u00e0 Paris en novembre, j&#8217;aurai le plaisir de venir \u00e0 Paris le jeudi 6 F\u00e9vrier pour discuter avec vous de ce [&hellip;]<\/p>\n","protected":false},"featured_media":2839,"comment_status":"open","ping_status":"closed","template":"","meta":{"_et_pb_use_builder":"","_et_pb_old_content":"","_et_gb_content_width":""},"product_brand":[],"product_cat":[15],"product_tag":[],"class_list":["post-2838","product","type-product","status-publish","has-post-thumbnail","product_cat-jai-envie-decrire","first","instock","taxable","shipping-taxable","product-type-simple"],"jetpack_sharing_enabled":true,"_links":{"self":[{"href":"https:\/\/nathalieohana.com\/en\/wp-json\/wp\/v2\/product\/2838","targetHints":{"allow":["GET"]}}],"collection":[{"href":"https:\/\/nathalieohana.com\/en\/wp-json\/wp\/v2\/product"}],"about":[{"href":"https:\/\/nathalieohana.com\/en\/wp-json\/wp\/v2\/types\/product"}],"replies":[{"embeddable":true,"href":"https:\/\/nathalieohana.com\/en\/wp-json\/wp\/v2\/comments?post=2838"}],"wp:featuredmedia":[{"embeddable":true,"href":"https:\/\/nathalieohana.com\/en\/wp-json\/wp\/v2\/media\/2839"}],"wp:attachment":[{"href":"https:\/\/nathalieohana.com\/en\/wp-json\/wp\/v2\/media?parent=2838"}],"wp:term":[{"taxonomy":"product_brand","embeddable":true,"href":"https:\/\/nathalieohana.com\/en\/wp-json\/wp\/v2\/product_brand?post=2838"},{"taxonomy":"product_cat","embeddable":true,"href":"https:\/\/nathalieohana.com\/en\/wp-json\/wp\/v2\/product_cat?post=2838"},{"taxonomy":"product_tag","embeddable":true,"href":"https:\/\/nathalieohana.com\/en\/wp-json\/wp\/v2\/product_tag?post=2838"}],"curies":[{"name":"wp","href":"https:\/\/api.w.org\/{rel}","templated":true}]}}